{"id":1083,"date":"2019-03-08T11:16:56","date_gmt":"2019-03-08T10:16:56","guid":{"rendered":"https:\/\/gefaesspraxis-kusenack.de\/?page_id=1083"},"modified":"2024-11-26T13:21:25","modified_gmt":"2024-11-26T12:21:25","slug":"syndrome-du-pied-diabetique","status":"publish","type":"page","link":"https:\/\/gefaesspraxis-kusenack.de\/fr\/leistungen\/sonderleistungen\/diabetisches-fusssyndrom\/","title":{"rendered":"Diab\u00e8te<span class=\"scharfes-s\">\u00df<\/span>syndrome"},"content":{"rendered":"<div data-elementor-type=\"wp-post\" data-elementor-id=\"1083\" class=\"elementor elementor-1083\" data-elementor-post-type=\"page\">\n\t\t\t\t\t\t<section class=\"elementor-section elementor-top-section elementor-element elementor-element-30b8e8bb elementor-section-boxed elementor-section-height-default elementor-section-height-default\" data-id=\"30b8e8bb\" data-element_type=\"section\" data-e-type=\"section\" data-settings=\"{&quot;jet_parallax_layout_list&quot;:[]}\">\n\t\t\t\t\t\t<div class=\"elementor-container elementor-column-gap-default\">\n\t\t\t\t\t<div class=\"elementor-column elementor-col-100 elementor-top-column elementor-element elementor-element-75e312f7\" data-id=\"75e312f7\" data-element_type=\"column\" data-e-type=\"column\">\n\t\t\t<div class=\"elementor-widget-wrap elementor-element-populated\">\n\t\t\t\t\t\t<div class=\"elementor-element elementor-element-5c178f5e content-h2 elementor-widget elementor-widget-heading\" data-id=\"5c178f5e\" data-element_type=\"widget\" data-e-type=\"widget\" data-widget_type=\"heading.default\">\n\t\t\t\t<div class=\"elementor-widget-container\">\n\t\t\t\t\t<h2 class=\"elementor-heading-title elementor-size-default\">Syndrome du pied diab\u00e9tique<\/br>traiter efficacement<\/h2>\t\t\t\t<\/div>\n\t\t\t\t<\/div>\n\t\t\t\t\t<\/div>\n\t\t<\/div>\n\t\t\t\t\t<\/div>\n\t\t<\/section>\n\t\t\t\t<section class=\"elementor-section elementor-top-section elementor-element elementor-element-27e65ab5 elementor-section-boxed elementor-section-height-default elementor-section-height-default\" data-id=\"27e65ab5\" data-element_type=\"section\" data-e-type=\"section\" data-settings=\"{&quot;jet_parallax_layout_list&quot;:[]}\">\n\t\t\t\t\t\t<div class=\"elementor-container elementor-column-gap-default\">\n\t\t\t\t\t<div class=\"elementor-column elementor-col-100 elementor-top-column elementor-element elementor-element-1bd398ff\" data-id=\"1bd398ff\" data-element_type=\"column\" data-e-type=\"column\">\n\t\t\t<div class=\"elementor-widget-wrap elementor-element-populated\">\n\t\t\t\t\t\t<div class=\"elementor-element elementor-element-70b55d0d elementor-widget elementor-widget-text-editor\" data-id=\"70b55d0d\" data-element_type=\"widget\" data-e-type=\"widget\" data-widget_type=\"text-editor.default\">\n\t\t\t\t<div class=\"elementor-widget-container\">\n\t\t\t\t\t\t\t\t\t<p>Les patients atteints de diab\u00e8te sucr\u00e9 (maladie du sucre) sont <strong>particuli\u00e8rement expos\u00e9<\/strong>, d'ouvrir des plaies \u00e0 vos pieds qui, sans une th\u00e9rapie intensive, <strong>ne cicatrisent plus et, dans le pire des cas, entra\u00eenent une perte des orteils, de parties du pied, voire de toute la partie inf\u00e9rieure de la jambe<\/strong> pouvoir mener.<\/p><p>La gen\u00e8se de ce que l'on appelle le \u201e syndrome du pied diab\u00e9tique \u201c est complexe. Principalement, des l\u00e9sions nerveuses au niveau du bas de la jambe entra\u00eenent une mauvaise position des petites articulations du pied, ce qui provoque une mauvaise r\u00e9partition des charges sur la vo\u00fbte plantaire. Cela cr\u00e9e involontairement de nouveaux points de pression sur la plante du pied avec des plaies qui se d\u00e9veloppent. Ces plaies, souvent en raison du diab\u00e8te <strong>pas de douleur<\/strong> et sont donc par le patient <strong>non remarqu\u00e9<\/strong>. Si une mauvaise circulation sanguine due au diab\u00e8te, qui endommage pr\u00e9f\u00e9rentiellement les art\u00e8res du bas de la jambe, s'y ajoute, les nutriments et les cellules immunitaires ne peuvent pas \u00eatre transport\u00e9s en quantit\u00e9 suffisante pour la cicatrisation d'une plaie au pied. Cela peut entra\u00eener une infection croissante de la plaie et, par cons\u00e9quent, un danger pour l'extr\u00e9mit\u00e9.<\/p><p><strong>Le traitement du syndrome du pied diab\u00e9tique repose donc sur plusieurs piliers importants simultan\u00e9ment :<\/strong><\/p>\t\t\t\t\t\t\t\t<\/div>\n\t\t\t\t<\/div>\n\t\t\t\t\t<\/div>\n\t\t<\/div>\n\t\t\t\t\t<\/div>\n\t\t<\/section>\n\t\t\t\t<section class=\"elementor-section elementor-top-section elementor-element elementor-element-28cd552 elementor-section-boxed elementor-section-height-default elementor-section-height-default\" data-id=\"28cd552\" data-element_type=\"section\" data-e-type=\"section\" data-settings=\"{&quot;jet_parallax_layout_list&quot;:[]}\">\n\t\t\t\t\t\t<div class=\"elementor-container elementor-column-gap-default\">\n\t\t\t\t\t<div class=\"elementor-column elementor-col-50 elementor-top-column elementor-element elementor-element-6c71d4e\" data-id=\"6c71d4e\" data-element_type=\"column\" data-e-type=\"column\">\n\t\t\t<div class=\"elementor-widget-wrap elementor-element-populated\">\n\t\t\t\t\t\t<div class=\"elementor-element elementor-element-718036b2 elementor-align-start elementor-icon-list--layout-traditional elementor-list-item-link-full_width elementor-widget elementor-widget-icon-list\" data-id=\"718036b2\" data-element_type=\"widget\" data-e-type=\"widget\" data-widget_type=\"icon-list.default\">\n\t\t\t\t<div class=\"elementor-widget-container\">\n\t\t\t\t\t\t\t<ul class=\"elementor-icon-list-items\">\n\t\t\t\t\t\t\t<li class=\"elementor-icon-list-item\">\n\t\t\t\t\t\t\t\t\t\t\t<span class=\"elementor-icon-list-icon\">\n\t\t\t\t\t\t\t\t\t\t\t\t\t\t\t\t<i class=\"fa fa-check\" aria-hidden=\"true\"><\/i>\n\t\t\t\t\t\t\t\t\t\t\t\t\t<\/span>\n\t\t\t\t\t\t\t\t\t\t<span class=\"elementor-icon-list-text\">D\u00e9tection et traitement rapide des \u00e9ventuels troubles de la circulation sanguine dans la jambe <\/span>\n\t\t\t\t\t\t\t\t\t<\/li>\n\t\t\t\t\t\t\t\t<li class=\"elementor-icon-list-item\">\n\t\t\t\t\t\t\t\t\t\t\t<span class=\"elementor-icon-list-icon\">\n\t\t\t\t\t\t\t\t\t\t\t\t\t\t\t\t<i class=\"fa fa-check\" aria-hidden=\"true\"><\/i>\n\t\t\t\t\t\t\t\t\t\t\t\t\t<\/span>\n\t\t\t\t\t\t\t\t\t\t<span class=\"elementor-icon-list-text\">Ablation chirurgicale des tissus morts pour favoriser la cicatrisation de plaies ouvertes<\/span>\n\t\t\t\t\t\t\t\t\t<\/li>\n\t\t\t\t\t\t<\/ul>\n\t\t\t\t\t\t<\/div>\n\t\t\t\t<\/div>\n\t\t\t\t\t<\/div>\n\t\t<\/div>\n\t\t\t\t<div class=\"elementor-column elementor-col-50 elementor-top-column elementor-element elementor-element-d7445e7\" data-id=\"d7445e7\" data-element_type=\"column\" data-e-type=\"column\">\n\t\t\t<div class=\"elementor-widget-wrap elementor-element-populated\">\n\t\t\t\t\t\t<div class=\"elementor-element elementor-element-1b7cb7c elementor-align-start elementor-icon-list--layout-traditional elementor-list-item-link-full_width elementor-widget elementor-widget-icon-list\" data-id=\"1b7cb7c\" data-element_type=\"widget\" data-e-type=\"widget\" data-widget_type=\"icon-list.default\">\n\t\t\t\t<div class=\"elementor-widget-container\">\n\t\t\t\t\t\t\t<ul class=\"elementor-icon-list-items\">\n\t\t\t\t\t\t\t<li class=\"elementor-icon-list-item\">\n\t\t\t\t\t\t\t\t\t\t\t<span class=\"elementor-icon-list-icon\">\n\t\t\t\t\t\t\t\t\t\t\t\t\t\t\t\t<i class=\"fa fa-check\" aria-hidden=\"true\"><\/i>\n\t\t\t\t\t\t\t\t\t\t\t\t\t<\/span>\n\t\t\t\t\t\t\t\t\t\t<span class=\"elementor-icon-list-text\">Chaussures sp\u00e9ciales pour soulager les zones de pression pathologiques (chaussures pour diab\u00e9tiques)<\/span>\n\t\t\t\t\t\t\t\t\t<\/li>\n\t\t\t\t\t\t\t\t<li class=\"elementor-icon-list-item\">\n\t\t\t\t\t\t\t\t\t\t\t<span class=\"elementor-icon-list-icon\">\n\t\t\t\t\t\t\t\t\t\t\t\t\t\t\t\t<i class=\"fa fa-check\" aria-hidden=\"true\"><\/i>\n\t\t\t\t\t\t\t\t\t\t\t\t\t<\/span>\n\t\t\t\t\t\t\t\t\t\t<span class=\"elementor-icon-list-text\">L'int\u00e9gration d'un diab\u00e9tologue pour le traitement conjoint des maladies secondaires du diab\u00e8te mellitus<\/span>\n\t\t\t\t\t\t\t\t\t<\/li>\n\t\t\t\t\t\t<\/ul>\n\t\t\t\t\t\t<\/div>\n\t\t\t\t<\/div>\n\t\t\t\t\t<\/div>\n\t\t<\/div>\n\t\t\t\t\t<\/div>\n\t\t<\/section>\n\t\t\t\t<section class=\"elementor-section elementor-top-section elementor-element elementor-element-2c9e286 elementor-section-boxed elementor-section-height-default elementor-section-height-default\" data-id=\"2c9e286\" data-element_type=\"section\" data-e-type=\"section\" data-settings=\"{&quot;background_background&quot;:&quot;classic&quot;,&quot;jet_parallax_layout_list&quot;:[]}\">\n\t\t\t\t\t\t<div class=\"elementor-container elementor-column-gap-default\">\n\t\t\t\t\t<div class=\"elementor-column elementor-col-100 elementor-top-column elementor-element elementor-element-8a83fb5\" data-id=\"8a83fb5\" data-element_type=\"column\" data-e-type=\"column\">\n\t\t\t<div class=\"elementor-widget-wrap elementor-element-populated\">\n\t\t\t\t\t\t<section class=\"elementor-section elementor-inner-section elementor-element elementor-element-080c055 elementor-section-boxed elementor-section-height-default elementor-section-height-default\" data-id=\"080c055\" data-element_type=\"section\" data-e-type=\"section\" data-settings=\"{&quot;jet_parallax_layout_list&quot;:[]}\">\n\t\t\t\t\t\t<div class=\"elementor-container elementor-column-gap-default\">\n\t\t\t\t\t<div class=\"elementor-column elementor-col-100 elementor-inner-column elementor-element elementor-element-f2d7eae\" data-id=\"f2d7eae\" data-element_type=\"column\" data-e-type=\"column\">\n\t\t\t<div class=\"elementor-widget-wrap elementor-element-populated\">\n\t\t\t\t\t\t<div class=\"elementor-element elementor-element-ea1c842 content-h2 elementor-widget elementor-widget-heading\" data-id=\"ea1c842\" data-element_type=\"widget\" data-e-type=\"widget\" data-widget_type=\"heading.default\">\n\t\t\t\t<div class=\"elementor-widget-container\">\n\t\t\t\t\t<h2 class=\"elementor-heading-title elementor-size-default\">Diagnostic et th\u00e9rapeutique<\/h2>\t\t\t\t<\/div>\n\t\t\t\t<\/div>\n\t\t\t\t\t<\/div>\n\t\t<\/div>\n\t\t\t\t\t<\/div>\n\t\t<\/section>\n\t\t\t\t<section class=\"elementor-section elementor-inner-section elementor-element elementor-element-6727d6f elementor-section-boxed elementor-section-height-default elementor-section-height-default\" data-id=\"6727d6f\" data-element_type=\"section\" data-e-type=\"section\" data-settings=\"{&quot;jet_parallax_layout_list&quot;:[]}\">\n\t\t\t\t\t\t<div class=\"elementor-container elementor-column-gap-default\">\n\t\t\t\t\t<div class=\"elementor-column elementor-col-50 elementor-inner-column elementor-element elementor-element-db871aa\" data-id=\"db871aa\" data-element_type=\"column\" data-e-type=\"column\">\n\t\t\t<div class=\"elementor-widget-wrap elementor-element-populated\">\n\t\t\t\t\t\t<div class=\"elementor-element elementor-element-c61846f elementor-widget elementor-widget-image\" data-id=\"c61846f\" data-element_type=\"widget\" data-e-type=\"widget\" data-widget_type=\"image.default\">\n\t\t\t\t<div class=\"elementor-widget-container\">\n\t\t\t\t\t\t\t\t\t\t\t\t\t\t\t<img fetchpriority=\"high\" decoding=\"async\" width=\"550\" height=\"570\" src=\"https:\/\/gefaesspraxis-kusenack.de\/wp-content\/uploads\/2019\/03\/Kusenack_Wartezimmer.0017-550x570.jpg\" class=\"attachment-uk-therapie size-uk-therapie wp-image-1424\" alt=\"Dr. Kusenack - Cabinet priv\u00e9 de chirurgie vasculaire D\u00fcsseldorf - Salle d&#039;attente\" \/>\t\t\t\t\t\t\t\t\t\t\t\t\t\t\t<\/div>\n\t\t\t\t<\/div>\n\t\t\t\t\t<\/div>\n\t\t<\/div>\n\t\t\t\t<div class=\"elementor-column elementor-col-50 elementor-inner-column elementor-element elementor-element-fe0fa9c padding-mobile\" data-id=\"fe0fa9c\" data-element_type=\"column\" data-e-type=\"column\">\n\t\t\t<div class=\"elementor-widget-wrap elementor-element-populated\">\n\t\t\t\t\t\t<div class=\"elementor-element elementor-element-3209a81 elementor-widget elementor-widget-text-editor\" data-id=\"3209a81\" data-element_type=\"widget\" data-e-type=\"widget\" data-widget_type=\"text-editor.default\">\n\t\t\t\t<div class=\"elementor-widget-container\">\n\t\t\t\t\t\t\t\t\t<h3>Pr\u00e9venir les infections, augmenter la circulation sanguine.<\/h3><p>Lorsqu'il s'agit d'examiner des patients atteints de syndrome du pied diab\u00e9tique, il s'agit de <strong>grande exp\u00e9rience<\/strong> dans le domaine du diagnostic par ultrasons, n\u00e9cessaire pour bien \u00e9valuer les petits vaisseaux de la partie inf\u00e9rieure de la jambe. S'il existe des st\u00e9noses ou des occlusions dans la zone de ces art\u00e8res, une intervention, en fonction du stade du pied diab\u00e9tique, peut \u00eatre n\u00e9cessaire <strong>th\u00e9rapie invasive<\/strong> Une dilatation art\u00e9rielle (angioplastie transluminale) ou une pose de pontage est n\u00e9cessaire.<\/p>\t\t\t\t\t\t\t\t<\/div>\n\t\t\t\t<\/div>\n\t\t\t\t<div class=\"elementor-element elementor-element-41fdda62 elementor-align-left uk-cta elementor-widget elementor-widget-button\" data-id=\"41fdda62\" data-element_type=\"widget\" data-e-type=\"widget\" data-widget_type=\"button.default\">\n\t\t\t\t<div class=\"elementor-widget-container\">\n\t\t\t\t\t\t\t\t\t<div class=\"elementor-button-wrapper\">\n\t\t\t\t\t<a class=\"elementor-button elementor-button-link elementor-size-sm\" href=\"\/fr\/contacter\/\">\n\t\t\t\t\t\t<span class=\"elementor-button-content-wrapper\">\n\t\t\t\t\t\t\t\t\t<span class=\"elementor-button-text\">PRENDRE RENDEZ-VOUS POUR UN PREMIER ENTRETIEN<\/span>\n\t\t\t\t\t<\/span>\n\t\t\t\t\t<\/a>\n\t\t\t\t<\/div>\n\t\t\t\t\t\t\t\t<\/div>\n\t\t\t\t<\/div>\n\t\t\t\t\t<\/div>\n\t\t<\/div>\n\t\t\t\t\t<\/div>\n\t\t<\/section>\n\t\t\t\t<section class=\"elementor-section elementor-inner-section elementor-element elementor-element-393f72b elementor-section-boxed elementor-section-height-default elementor-section-height-default\" data-id=\"393f72b\" data-element_type=\"section\" data-e-type=\"section\" data-settings=\"{&quot;jet_parallax_layout_list&quot;:[]}\">\n\t\t\t\t\t\t<div class=\"elementor-container elementor-column-gap-default\">\n\t\t\t\t\t<div class=\"elementor-column elementor-col-50 elementor-inner-column elementor-element elementor-element-cffe911\" data-id=\"cffe911\" data-element_type=\"column\" data-e-type=\"column\">\n\t\t\t<div class=\"elementor-widget-wrap elementor-element-populated\">\n\t\t\t\t\t\t<div class=\"elementor-element elementor-element-c6c7ff2 elementor-widget elementor-widget-text-editor\" data-id=\"c6c7ff2\" data-element_type=\"widget\" data-e-type=\"widget\" data-widget_type=\"text-editor.default\">\n\t\t\t\t<div class=\"elementor-widget-container\">\n\t\t\t\t\t\t\t\t\t<h3>Examen quotidien de la plante du pied<\/h3><p>Mais il est aussi important qu'en tant que diab\u00e9tique, vous fassiez chaque jour votre <strong>Inspecter les pieds, y compris la plante des pieds.<\/strong>. La plante du pied peut \u00eatre mass\u00e9e par votre partenaire ou par vous-m\u00eame avec un petit <strong>Miroir \u00e0 main avec extension<\/strong> examin\u00e9. Ainsi, vous pouvez rapidement d\u00e9tecter vous-m\u00eame les plaies sous le pied, qui sont souvent indolores chez les diab\u00e9tiques, et <strong>traiter professionnellement<\/strong> laisser.<\/p><p>Le but de la th\u00e9rapie du syndrome du pied diab\u00e9tique doit toujours \u00eatre, <strong>Blessures<\/strong> et leur infection en amont <strong>\u00e0 pr\u00e9venir<\/strong>. C'est pourquoi le port de chaussures sp\u00e9ciales pour \u00e9viter les points de pression sur le pied rev\u00eat une grande importance.<\/p><p>Dans mon cabinet, je vous examine en d\u00e9tail et de mani\u00e8re exhaustive pour d\u00e9tecter d'\u00e9ventuels troubles circulatoires et dommages cutan\u00e9s li\u00e9s au diab\u00e8te sucr\u00e9, et j'instaure une th\u00e9rapie appropri\u00e9e en collaboration avec votre diab\u00e9tologue.<\/p>\t\t\t\t\t\t\t\t<\/div>\n\t\t\t\t<\/div>\n\t\t\t\t\t<\/div>\n\t\t<\/div>\n\t\t\t\t<div class=\"elementor-column elementor-col-50 elementor-inner-column elementor-element elementor-element-208c5b3 padding-mobile\" data-id=\"208c5b3\" data-element_type=\"column\" data-e-type=\"column\">\n\t\t\t<div class=\"elementor-widget-wrap elementor-element-populated\">\n\t\t\t\t\t\t<div class=\"elementor-element elementor-element-74817e4 elementor-widget elementor-widget-image\" data-id=\"74817e4\" data-element_type=\"widget\" data-e-type=\"widget\" data-widget_type=\"image.default\">\n\t\t\t\t<div class=\"elementor-widget-container\">\n\t\t\t\t\t\t\t\t\t\t\t\t\t\t\t<img decoding=\"async\" width=\"550\" height=\"570\" src=\"https:\/\/gefaesspraxis-kusenack.de\/wp-content\/uploads\/2019\/03\/k-Kusenack_Hand_Beine.0096-550x570.jpg\" class=\"attachment-uk-therapie size-uk-therapie wp-image-1570\" alt=\"Dr. Kusenack - Cabinet priv\u00e9 de chirurgie vasculaire D\u00fcsseldorf - Art\u00e9riopathie oblit\u00e9rante des membres inf\u00e9rieurs\" \/>\t\t\t\t\t\t\t\t\t\t\t\t\t\t\t<\/div>\n\t\t\t\t<\/div>\n\t\t\t\t\t<\/div>\n\t\t<\/div>\n\t\t\t\t\t<\/div>\n\t\t<\/section>\n\t\t\t\t\t<\/div>\n\t\t<\/div>\n\t\t\t\t\t<\/div>\n\t\t<\/section>\n\t\t\t\t<section class=\"elementor-section elementor-top-section elementor-element elementor-element-58d6c623 elementor-section-boxed elementor-section-height-default elementor-section-height-default\" data-id=\"58d6c623\" data-element_type=\"section\" data-e-type=\"section\" data-settings=\"{&quot;background_background&quot;:&quot;classic&quot;,&quot;jet_parallax_layout_list&quot;:[]}\">\n\t\t\t\t\t\t\t<div class=\"elementor-background-overlay\"><\/div>\n\t\t\t\t\t\t\t<div class=\"elementor-container elementor-column-gap-default\">\n\t\t\t\t\t<div class=\"elementor-column elementor-col-100 elementor-top-column elementor-element elementor-element-2195dd66\" data-id=\"2195dd66\" data-element_type=\"column\" data-e-type=\"column\" id=\"dental_service\">\n\t\t\t<div class=\"elementor-widget-wrap elementor-element-populated\">\n\t\t\t\t\t\t<div class=\"elementor-element elementor-element-60a436ad content-h2 elementor-widget elementor-widget-heading\" data-id=\"60a436ad\" data-element_type=\"widget\" data-e-type=\"widget\" data-widget_type=\"heading.default\">\n\t\t\t\t<div class=\"elementor-widget-container\">\n\t\t\t\t\t<h2 class=\"elementor-heading-title elementor-size-default\">Impressions du cabinet<\/h2>\t\t\t\t<\/div>\n\t\t\t\t<\/div>\n\t\t\t\t<div class=\"elementor-element elementor-element-1fe537db gallery-spacing-custom elementor-widget elementor-widget-image-gallery\" data-id=\"1fe537db\" data-element_type=\"widget\" data-e-type=\"widget\" data-widget_type=\"image-gallery.default\">\n\t\t\t\t<div class=\"elementor-widget-container\">\n\t\t\t\t\t\t\t<div class=\"elementor-image-gallery\">\n\t\t\t<div id='gallery-1' class='gallery galleryid-1083 gallery-columns-4 gallery-size-uk-gallery'><figure class='gallery-item'>\n\t\t\t<div class='gallery-icon landscape'>\n\t\t\t\t<a data-elementor-open-lightbox=\"yes\" data-elementor-lightbox-slideshow=\"1fe537db\" data-elementor-lightbox-title=\"k-Kusenack_Impressionen.0001\" data-e-action-hash=\"#elementor-action%3Aaction%3Dlightbox%26settings%3DeyJpZCI6ODkxLCJ1cmwiOiJodHRwczpcL1wvZ2VmYWVzc3ByYXhpcy1rdXNlbmFjay5kZVwvd3AtY29udGVudFwvdXBsb2Fkc1wvMjAxOVwvMDNcL2stS3VzZW5hY2tfSW1wcmVzc2lvbmVuLjAwMDEuanBnIiwic2xpZGVzaG93IjoiMWZlNTM3ZGIifQ%3D%3D\" href='https:\/\/gefaesspraxis-kusenack.de\/wp-content\/uploads\/2019\/03\/k-Kusenack_Impressionen.0001.jpg'><img decoding=\"async\" width=\"230\" height=\"149\" src=\"https:\/\/gefaesspraxis-kusenack.de\/wp-content\/uploads\/2019\/03\/k-Kusenack_Impressionen.0001-230x149.jpg\" class=\"attachment-uk-gallery size-uk-gallery\" alt=\"Dr. Kusenack - Cabinet priv\u00e9 de chirurgie vasculaire D\u00fcsseldorf - Impressions du cabinet\" \/><\/a>\n\t\t\t<\/div><\/figure><figure class='gallery-item'>\n\t\t\t<div class='gallery-icon landscape'>\n\t\t\t\t<a data-elementor-open-lightbox=\"yes\" data-elementor-lightbox-slideshow=\"1fe537db\" data-elementor-lightbox-title=\"k-Kusenack_Impressionen.0002\" data-e-action-hash=\"#elementor-action%3Aaction%3Dlightbox%26settings%3DeyJpZCI6ODkyLCJ1cmwiOiJodHRwczpcL1wvZ2VmYWVzc3ByYXhpcy1rdXNlbmFjay5kZVwvd3AtY29udGVudFwvdXBsb2Fkc1wvMjAxOVwvMDNcL2stS3VzZW5hY2tfSW1wcmVzc2lvbmVuLjAwMDIuanBnIiwic2xpZGVzaG93IjoiMWZlNTM3ZGIifQ%3D%3D\" href='https:\/\/gefaesspraxis-kusenack.de\/wp-content\/uploads\/2019\/03\/k-Kusenack_Impressionen.0002.jpg'><img loading=\"lazy\" decoding=\"async\" width=\"230\" height=\"149\" src=\"https:\/\/gefaesspraxis-kusenack.de\/wp-content\/uploads\/2019\/03\/k-Kusenack_Impressionen.0002-230x149.jpg\" class=\"attachment-uk-gallery size-uk-gallery\" alt=\"Dr. Kusenack - Cabinet priv\u00e9 de chirurgie vasculaire D\u00fcsseldorf - Salle d&#039;attente du cabinet\" \/><\/a>\n\t\t\t<\/div><\/figure><figure class='gallery-item'>\n\t\t\t<div class='gallery-icon landscape'>\n\t\t\t\t<a data-elementor-open-lightbox=\"yes\" data-elementor-lightbox-slideshow=\"1fe537db\" data-elementor-lightbox-title=\"k-Kusenack_Impressionen.0012\" data-e-action-hash=\"#elementor-action%3Aaction%3Dlightbox%26settings%3DeyJpZCI6ODkzLCJ1cmwiOiJodHRwczpcL1wvZ2VmYWVzc3ByYXhpcy1rdXNlbmFjay5kZVwvd3AtY29udGVudFwvdXBsb2Fkc1wvMjAxOVwvMDNcL2stS3VzZW5hY2tfSW1wcmVzc2lvbmVuLjAwMTIuanBnIiwic2xpZGVzaG93IjoiMWZlNTM3ZGIifQ%3D%3D\" href='https:\/\/gefaesspraxis-kusenack.de\/wp-content\/uploads\/2019\/03\/k-Kusenack_Impressionen.0012.jpg'><img loading=\"lazy\" decoding=\"async\" width=\"230\" height=\"149\" src=\"https:\/\/gefaesspraxis-kusenack.de\/wp-content\/uploads\/2019\/03\/k-Kusenack_Impressionen.0012-230x149.jpg\" class=\"attachment-uk-gallery size-uk-gallery\" alt=\"Dr. Kusenack - Cabinet priv\u00e9 de chirurgie vasculaire D\u00fcsseldorf - Le cabinet\" \/><\/a>\n\t\t\t<\/div><\/figure><figure class='gallery-item'>\n\t\t\t<div class='gallery-icon landscape'>\n\t\t\t\t<a data-elementor-open-lightbox=\"yes\" data-elementor-lightbox-slideshow=\"1fe537db\" data-elementor-lightbox-title=\"k-Kusenack_Impressionen.0013\" data-e-action-hash=\"#elementor-action%3Aaction%3Dlightbox%26settings%3DeyJpZCI6ODk0LCJ1cmwiOiJodHRwczpcL1wvZ2VmYWVzc3ByYXhpcy1rdXNlbmFjay5kZVwvd3AtY29udGVudFwvdXBsb2Fkc1wvMjAxOVwvMDNcL2stS3VzZW5hY2tfSW1wcmVzc2lvbmVuLjAwMTMuanBnIiwic2xpZGVzaG93IjoiMWZlNTM3ZGIifQ%3D%3D\" href='https:\/\/gefaesspraxis-kusenack.de\/wp-content\/uploads\/2019\/03\/k-Kusenack_Impressionen.0013.jpg'><img loading=\"lazy\" decoding=\"async\" width=\"230\" height=\"149\" src=\"https:\/\/gefaesspraxis-kusenack.de\/wp-content\/uploads\/2019\/03\/k-Kusenack_Impressionen.0013-230x149.jpg\" class=\"attachment-uk-gallery size-uk-gallery\" alt=\"Dr. Kusenack - Cabinet priv\u00e9 de chirurgie vasculaire D\u00fcsseldorf - Le cabinet\" \/><\/a>\n\t\t\t<\/div><\/figure><figure class='gallery-item'>\n\t\t\t<div class='gallery-icon landscape'>\n\t\t\t\t<a data-elementor-open-lightbox=\"yes\" data-elementor-lightbox-slideshow=\"1fe537db\" data-elementor-lightbox-title=\"k-Kusenack_Ultra_Beine.0082\" data-e-action-hash=\"#elementor-action%3Aaction%3Dlightbox%26settings%3DeyJpZCI6ODk1LCJ1cmwiOiJodHRwczpcL1wvZ2VmYWVzc3ByYXhpcy1rdXNlbmFjay5kZVwvd3AtY29udGVudFwvdXBsb2Fkc1wvMjAxOVwvMDNcL2stS3VzZW5hY2tfVWx0cmFfQmVpbmUuMDA4Mi5qcGciLCJzbGlkZXNob3ciOiIxZmU1MzdkYiJ9\" href='https:\/\/gefaesspraxis-kusenack.de\/wp-content\/uploads\/2019\/03\/k-Kusenack_Ultra_Beine.0082.jpg'><img loading=\"lazy\" decoding=\"async\" width=\"230\" height=\"149\" src=\"https:\/\/gefaesspraxis-kusenack.de\/wp-content\/uploads\/2019\/03\/k-Kusenack_Ultra_Beine.0082-230x149.jpg\" class=\"attachment-uk-gallery size-uk-gallery\" alt=\"Dr. Kusenack - Cabinet priv\u00e9 de chirurgie vasculaire D\u00fcsseldorf - \u00c9chographie des jambes\" \/><\/a>\n\t\t\t<\/div><\/figure><figure class='gallery-item'>\n\t\t\t<div class='gallery-icon landscape'>\n\t\t\t\t<a data-elementor-open-lightbox=\"yes\" data-elementor-lightbox-slideshow=\"1fe537db\" data-elementor-lightbox-title=\"k-Kusenack_Untersuchung.0069.ret\" data-e-action-hash=\"#elementor-action%3Aaction%3Dlightbox%26settings%3DeyJpZCI6MTU0NiwidXJsIjoiaHR0cHM6XC9cL2dlZmFlc3NwcmF4aXMta3VzZW5hY2suZGVcL3dwLWNvbnRlbnRcL3VwbG9hZHNcLzIwMTlcLzAzXC9rLUt1c2VuYWNrX1VudGVyc3VjaHVuZy4wMDY5LnJldF8uanBnIiwic2xpZGVzaG93IjoiMWZlNTM3ZGIifQ%3D%3D\" data-elementor-lightbox-description=\"Dr. Kusenack - Privatpraxis f\u00fcr Gef\u00e4\u00dfchirurgie D\u00fcsseldorf - Untersuchung Krampfadern entfernen\" href='https:\/\/gefaesspraxis-kusenack.de\/wp-content\/uploads\/2019\/03\/k-Kusenack_Untersuchung.0069.ret_.jpg'><img loading=\"lazy\" decoding=\"async\" width=\"230\" height=\"149\" src=\"https:\/\/gefaesspraxis-kusenack.de\/wp-content\/uploads\/2019\/03\/k-Kusenack_Untersuchung.0069.ret_-230x149.jpg\" class=\"attachment-uk-gallery size-uk-gallery\" alt=\"Dr. Kusenack - Cabinet priv\u00e9 de chirurgie vasculaire D\u00fcsseldorf - Examen des varices et de leur ablation\" aria-describedby=\"gallery-1-1546\" \/><\/a>\n\t\t\t<\/div>\n\t\t\t\t<figcaption class='wp-caption-text gallery-caption' id='gallery-1-1546'>\n\t\t\t\tDr. Kusenack \u2013 Cabinet priv\u00e9 de chirurgie vasculaire D\u00fcsseldorf \u2013 Examen pour le traitement des varices\n\t\t\t\t<\/figcaption><\/figure><figure class='gallery-item'>\n\t\t\t<div class='gallery-icon landscape'>\n\t\t\t\t<a data-elementor-open-lightbox=\"yes\" data-elementor-lightbox-slideshow=\"1fe537db\" data-elementor-lightbox-title=\"k-Kusenack_Empfang.0031\" data-e-action-hash=\"#elementor-action%3Aaction%3Dlightbox%26settings%3DeyJpZCI6MTU3NiwidXJsIjoiaHR0cHM6XC9cL2dlZmFlc3NwcmF4aXMta3VzZW5hY2suZGVcL3dwLWNvbnRlbnRcL3VwbG9hZHNcLzIwMTlcLzAzXC9rLUt1c2VuYWNrX0VtcGZhbmcuMDAzMS5qcGciLCJzbGlkZXNob3ciOiIxZmU1MzdkYiJ9\" data-elementor-lightbox-description=\"Dr. Kusenack - Privatpraxis f\u00fcr Gef\u00e4\u00dfchirurgie D\u00fcsseldorf - Untersuchung Krampfadern entfernen\" href='https:\/\/gefaesspraxis-kusenack.de\/wp-content\/uploads\/2019\/03\/k-Kusenack_Empfang.0031.jpg'><img loading=\"lazy\" decoding=\"async\" width=\"230\" height=\"149\" src=\"https:\/\/gefaesspraxis-kusenack.de\/wp-content\/uploads\/2019\/03\/k-Kusenack_Empfang.0031-230x149.jpg\" class=\"attachment-uk-gallery size-uk-gallery\" alt=\"Dr. Kusenack - Cabinet priv\u00e9 de chirurgie vasculaire D\u00fcsseldorf - R\u00e9ception\" \/><\/a>\n\t\t\t<\/div><\/figure><figure class='gallery-item'>\n\t\t\t<div class='gallery-icon landscape'>\n\t\t\t\t<a data-elementor-open-lightbox=\"yes\" data-elementor-lightbox-slideshow=\"1fe537db\" data-elementor-lightbox-title=\"k-Kusenack_Wartezimmer.0022\" data-e-action-hash=\"#elementor-action%3Aaction%3Dlightbox%26settings%3DeyJpZCI6ODk4LCJ1cmwiOiJodHRwczpcL1wvZ2VmYWVzc3ByYXhpcy1rdXNlbmFjay5kZVwvd3AtY29udGVudFwvdXBsb2Fkc1wvMjAxOVwvMDNcL2stS3VzZW5hY2tfV2FydGV6aW1tZXIuMDAyMi5qcGciLCJzbGlkZXNob3ciOiIxZmU1MzdkYiJ9\" data-elementor-lightbox-description=\"Dr. Kusenack - Privatpraxis f\u00fcr Gef\u00e4\u00dfchirurgie D\u00fcsseldorf - Untersuchung Krampfadern entfernen\" href='https:\/\/gefaesspraxis-kusenack.de\/wp-content\/uploads\/2019\/03\/k-Kusenack_Wartezimmer.0022.jpg'><img loading=\"lazy\" decoding=\"async\" width=\"230\" height=\"149\" src=\"https:\/\/gefaesspraxis-kusenack.de\/wp-content\/uploads\/2019\/03\/k-Kusenack_Wartezimmer.0022-230x149.jpg\" class=\"attachment-uk-gallery size-uk-gallery\" alt=\"Salle d&#039;attente avec des temps d&#039;attente courts dans le cabinet de phl\u00e9bologie \u00e0 proximit\u00e9 - D\u00fcsseldorf Carlstadt\" \/><\/a>\n\t\t\t<\/div><\/figure>\n\t\t<\/div>\n\t\t<\/div>\n\t\t\t\t\t\t<\/div>\n\t\t\t\t<\/div>\n\t\t\t\t\t<\/div>\n\t\t<\/div>\n\t\t\t\t\t<\/div>\n\t\t<\/section>\n\t\t\t\t<section class=\"elementor-section elementor-top-section elementor-element elementor-element-45254160 elementor-section-boxed elementor-section-height-default elementor-section-height-default\" data-id=\"45254160\" data-element_type=\"section\" data-e-type=\"section\" data-settings=\"{&quot;jet_parallax_layout_list&quot;:[]}\">\n\t\t\t\t\t\t<div class=\"elementor-container elementor-column-gap-default\">\n\t\t\t\t\t<div class=\"elementor-column elementor-col-100 elementor-top-column elementor-element elementor-element-4dc85246\" data-id=\"4dc85246\" data-element_type=\"column\" data-e-type=\"column\">\n\t\t\t<div class=\"elementor-widget-wrap elementor-element-populated\">\n\t\t\t\t\t\t<div class=\"elementor-element elementor-element-77b46b4d elementor-align-center uk-cta-big elementor-widget elementor-widget-button\" data-id=\"77b46b4d\" data-element_type=\"widget\" data-e-type=\"widget\" data-widget_type=\"button.default\">\n\t\t\t\t<div class=\"elementor-widget-container\">\n\t\t\t\t\t\t\t\t\t<div class=\"elementor-button-wrapper\">\n\t\t\t\t\t<a class=\"elementor-button elementor-button-link elementor-size-xl\" href=\"\/fr\/contacter\/\">\n\t\t\t\t\t\t<span class=\"elementor-button-content-wrapper\">\n\t\t\t\t\t\t\t\t\t<span class=\"elementor-button-text\">PRENDRE RENDEZ-VOUS POUR UN PREMIER ENTRETIEN<\/span>\n\t\t\t\t\t<\/span>\n\t\t\t\t\t<\/a>\n\t\t\t\t<\/div>\n\t\t\t\t\t\t\t\t<\/div>\n\t\t\t\t<\/div>\n\t\t\t\t\t<\/div>\n\t\t<\/div>\n\t\t\t\t\t<\/div>\n\t\t<\/section>\n\t\t\t\t<\/div>","protected":false},"excerpt":{"rendered":"<p>Diabetisches Fu\u00dfsyndromeffektiv behandeln Patienten mit Diabetes mellitus (Zuckerkrankheit) sind besonders gef\u00e4hrdet, an Ihren F\u00fc\u00dfen offene Stellen zu entwickeln, die ohne eine intensive Therapie nicht mehr abheilen und schlimmstenfalls zu einem Verlust von Zehen, Teilen des Fu\u00dfes oder auch des ganzen Unterschenkels f\u00fchren k\u00f6nnen. Die Entstehung dieses sogenannten \u201eDiabetischen Fu\u00dfsyndroms\u201c ist dabei vielschichtig. Vor allem eine [&hellip;]<\/p>\n","protected":false},"author":8,"featured_media":1172,"parent":802,"menu_order":0,"comment_status":"closed","ping_status":"closed","template":"uk-unterseite.php","meta":{"site-sidebar-layout":"no-sidebar","site-content-layout":"page-builder","ast-site-content-layout":"default","site-content-style":"default","site-sidebar-style":"default","ast-global-header-display":"","ast-banner-title-visibility":"","ast-main-header-display":"","ast-hfb-above-header-display":"","ast-hfb-below-header-display":"","ast-hfb-mobile-header-display":"","site-post-title":"disabled","ast-breadcrumbs-content":"","ast-featured-img":"disabled","footer-sml-layout":"","ast-disable-related-posts":"","theme-transparent-header-meta":"default","adv-header-id-meta":"","stick-header-meta":"default","header-above-stick-meta":"","header-main-stick-meta":"","header-below-stick-meta":"","astra-migrate-meta-layouts":"default","ast-page-background-enabled":"default","ast-page-background-meta":{"desktop":{"background-color":"var(--ast-global-color-4)","background-image":"","background-repeat":"repeat","background-position":"center center","background-size":"auto","background-attachment":"scroll","background-type":"","background-media":"","overlay-type":"","overlay-color":"","overlay-opacity":"","overlay-gradient":""},"tablet":{"background-color":"","background-image":"","background-repeat":"repeat","background-position":"center center","background-size":"auto","background-attachment":"scroll","background-type":"","background-media":"","overlay-type":"","overlay-color":"","overlay-opacity":"","overlay-gradient":""},"mobile":{"background-color":"","background-image":"","background-repeat":"repeat","background-position":"center center","background-size":"auto","background-attachment":"scroll","background-type":"","background-media":"","overlay-type":"","overlay-color":"","overlay-opacity":"","overlay-gradient":""}},"ast-content-background-meta":{"desktop":{"background-color":"var(--ast-global-color-5)","background-image":"","background-repeat":"repeat","background-position":"center center","background-size":"auto","background-attachment":"scroll","background-type":"","background-media":"","overlay-type":"","overlay-color":"","overlay-opacity":"","overlay-gradient":""},"tablet":{"background-color":"var(--ast-global-color-5)","background-image":"","background-repeat":"repeat","background-position":"center center","background-size":"auto","background-attachment":"scroll","background-type":"","background-media":"","overlay-type":"","overlay-color":"","overlay-opacity":"","overlay-gradient":""},"mobile":{"background-color":"var(--ast-global-color-5)","background-image":"","background-repeat":"repeat","background-position":"center center","background-size":"auto","background-attachment":"scroll","background-type":"","background-media":"","overlay-type":"","overlay-color":"","overlay-opacity":"","overlay-gradient":""}},"footnotes":""},"class_list":["post-1083","page","type-page","status-publish","has-post-thumbnail","hentry"],"yoast_head":"<!-- This site is optimized with the Yoast SEO plugin v28.4 - https:\/\/yoast.com\/product\/yoast-seo-wordpress\/ -->\n<title>Diabetisches Fu\u00dfsyndrom effektiv behandeln - D\u00fcsseldorf<\/title>\n<meta name=\"description\" content=\"Patienten mit Diabetes mellitus (Zuckerkrankheit) sind besonders gef\u00e4hrdet, an Ihren F\u00fc\u00dfen offene Stellen zu entwickeln, die ohne eine intensive Therapie...\" \/>\n<meta name=\"robots\" content=\"index, follow, max-snippet:-1, max-image-preview:large, max-video-preview:-1\" \/>\n<link rel=\"canonical\" href=\"https:\/\/gefaesspraxis-kusenack.de\/fr\/services\/prestations-de-sondage\/syndrome-du-pied-diabetique\/\" \/>\n<meta property=\"og:locale\" content=\"fr_FR\" \/>\n<meta property=\"og:type\" content=\"article\" \/>\n<meta property=\"og:title\" content=\"Diabetisches Fu\u00dfsyndrom effektiv behandeln - D\u00fcsseldorf\" \/>\n<meta property=\"og:description\" content=\"Patienten mit Diabetes mellitus (Zuckerkrankheit) sind besonders gef\u00e4hrdet, an Ihren F\u00fc\u00dfen offene Stellen zu entwickeln, die ohne eine intensive Therapie...\" \/>\n<meta property=\"og:url\" content=\"https:\/\/gefaesspraxis-kusenack.de\/fr\/services\/prestations-de-sondage\/syndrome-du-pied-diabetique\/\" \/>\n<meta property=\"og:site_name\" content=\"Dr. Kusenack\" \/>\n<meta property=\"article:modified_time\" content=\"2024-11-26T12:21:25+00:00\" \/>\n<meta property=\"og:image\" content=\"https:\/\/gefaesspraxis-kusenack.de\/wp-content\/uploads\/2019\/03\/Kusenack_Empfang.0033-1.jpg\" \/>\n\t<meta property=\"og:image:width\" content=\"1024\" \/>\n\t<meta property=\"og:image:height\" content=\"683\" \/>\n\t<meta property=\"og:image:type\" content=\"image\/jpeg\" \/>\n<meta name=\"twitter:card\" content=\"summary_large_image\" \/>\n<meta name=\"twitter:label1\" content=\"Dur\u00e9e de lecture estim\u00e9e\" \/>\n\t<meta name=\"twitter:data1\" content=\"5 minutes\" \/>\n<!-- \/ Yoast SEO plugin. -->","yoast_head_json":{"title":"Syndrome du pied diab\u00e9tique : traitement efficace - D\u00fcsseldorf","description":"Les patients atteints de diab\u00e8te sucr\u00e9 (maladie de Dubois), sont particuli\u00e8rement expos\u00e9s au risque de d\u00e9velopper des plaies ouvertes au niveau des pieds, qui, sans une th\u00e9rapie intensive...","robots":{"index":"index","follow":"follow","max-snippet":"max-snippet:-1","max-image-preview":"max-image-preview:large","max-video-preview":"max-video-preview:-1"},"canonical":"https:\/\/gefaesspraxis-kusenack.de\/fr\/services\/prestations-de-sondage\/syndrome-du-pied-diabetique\/","og_locale":"fr_FR","og_type":"article","og_title":"Diabetisches Fu\u00dfsyndrom effektiv behandeln - D\u00fcsseldorf","og_description":"Patienten mit Diabetes mellitus (Zuckerkrankheit) sind besonders gef\u00e4hrdet, an Ihren F\u00fc\u00dfen offene Stellen zu entwickeln, die ohne eine intensive Therapie...","og_url":"https:\/\/gefaesspraxis-kusenack.de\/fr\/services\/prestations-de-sondage\/syndrome-du-pied-diabetique\/","og_site_name":"Dr. Kusenack","article_modified_time":"2024-11-26T12:21:25+00:00","og_image":[{"width":1024,"height":683,"url":"https:\/\/gefaesspraxis-kusenack.de\/wp-content\/uploads\/2019\/03\/Kusenack_Empfang.0033-1.jpg","type":"image\/jpeg"}],"twitter_card":"summary_large_image","twitter_misc":{"Dur\u00e9e de lecture estim\u00e9e":"5 minutes"},"schema":{"@context":"https:\/\/schema.org","@graph":[{"@type":"WebPage","@id":"https:\/\/gefaesspraxis-kusenack.de\/leistungen\/sonderleistungen\/diabetisches-fusssyndrom\/","url":"https:\/\/gefaesspraxis-kusenack.de\/leistungen\/sonderleistungen\/diabetisches-fusssyndrom\/","name":"Syndrome du pied diab\u00e9tique : traitement efficace - D\u00fcsseldorf","isPartOf":{"@id":"https:\/\/gefaesspraxis-kusenack.de\/#website"},"primaryImageOfPage":{"@id":"https:\/\/gefaesspraxis-kusenack.de\/leistungen\/sonderleistungen\/diabetisches-fusssyndrom\/#primaryimage"},"image":{"@id":"https:\/\/gefaesspraxis-kusenack.de\/leistungen\/sonderleistungen\/diabetisches-fusssyndrom\/#primaryimage"},"thumbnailUrl":"https:\/\/gefaesspraxis-kusenack.de\/wp-content\/uploads\/2019\/03\/Kusenack_Empfang.0033-1.jpg","datePublished":"2019-03-08T10:16:56+00:00","dateModified":"2024-11-26T12:21:25+00:00","description":"Les patients atteints de diab\u00e8te sucr\u00e9 (maladie de Dubois), sont particuli\u00e8rement expos\u00e9s au risque de d\u00e9velopper des plaies ouvertes au niveau des pieds, qui, sans une th\u00e9rapie intensive...","breadcrumb":{"@id":"https:\/\/gefaesspraxis-kusenack.de\/leistungen\/sonderleistungen\/diabetisches-fusssyndrom\/#breadcrumb"},"inLanguage":"fr-FR","potentialAction":[{"@type":"ReadAction","target":["https:\/\/gefaesspraxis-kusenack.de\/leistungen\/sonderleistungen\/diabetisches-fusssyndrom\/"]}]},{"@type":"ImageObject","inLanguage":"fr-FR","@id":"https:\/\/gefaesspraxis-kusenack.de\/leistungen\/sonderleistungen\/diabetisches-fusssyndrom\/#primaryimage","url":"https:\/\/gefaesspraxis-kusenack.de\/wp-content\/uploads\/2019\/03\/Kusenack_Empfang.0033-1.jpg","contentUrl":"https:\/\/gefaesspraxis-kusenack.de\/wp-content\/uploads\/2019\/03\/Kusenack_Empfang.0033-1.jpg","width":1024,"height":683,"caption":"Dr. Kusenack - Privatpraxis f\u00fcr Gef\u00e4\u00dfchirurgie D\u00fcsseldorf - Empfang"},{"@type":"BreadcrumbList","@id":"https:\/\/gefaesspraxis-kusenack.de\/leistungen\/sonderleistungen\/diabetisches-fusssyndrom\/#breadcrumb","itemListElement":[{"@type":"ListItem","position":1,"name":"Startseite","item":"https:\/\/gefaesspraxis-kusenack.de\/"},{"@type":"ListItem","position":2,"name":"Leistungen","item":"https:\/\/gefaesspraxis-kusenack.de\/leistungen\/"},{"@type":"ListItem","position":3,"name":"Sonderleistungen","item":"https:\/\/gefaesspraxis-kusenack.de\/leistungen\/sonderleistungen\/"},{"@type":"ListItem","position":4,"name":"Diabetisches Fu\u00dfsyndrom"}]},{"@type":"WebSite","@id":"https:\/\/gefaesspraxis-kusenack.de\/#website","url":"https:\/\/gefaesspraxis-kusenack.de\/","name":"Dr. Kusenack","description":"Cabinet de m\u00e9decine vasculaire D\u00fcsseldorf","publisher":{"@id":"https:\/\/gefaesspraxis-kusenack.de\/#\/schema\/person\/11d46936bc3d889a82f8ccd7d5d03da3"},"potentialAction":[{"@type":"SearchAction","target":{"@type":"EntryPoint","urlTemplate":"https:\/\/gefaesspraxis-kusenack.de\/?s={search_term_string}"},"query-input":{"@type":"PropertyValueSpecification","valueRequired":true,"valueName":"search_term_string"}}],"inLanguage":"fr-FR"},{"@type":["Person","Organization"],"@id":"https:\/\/gefaesspraxis-kusenack.de\/#\/schema\/person\/11d46936bc3d889a82f8ccd7d5d03da3","name":"Kusenack","image":{"@type":"ImageObject","inLanguage":"fr-FR","@id":"https:\/\/gefaesspraxis-kusenack.de\/wp-content\/uploads\/2026\/03\/kusenack-fettabsaugung-phlebologie.png","url":"https:\/\/gefaesspraxis-kusenack.de\/wp-content\/uploads\/2026\/03\/kusenack-fettabsaugung-phlebologie.png","contentUrl":"https:\/\/gefaesspraxis-kusenack.de\/wp-content\/uploads\/2026\/03\/kusenack-fettabsaugung-phlebologie.png","width":1920,"height":636,"caption":"Kusenack"},"logo":{"@id":"https:\/\/gefaesspraxis-kusenack.de\/wp-content\/uploads\/2026\/03\/kusenack-fettabsaugung-phlebologie.png"}}]}},"_links":{"self":[{"href":"https:\/\/gefaesspraxis-kusenack.de\/fr\/wp-json\/wp\/v2\/pages\/1083","targetHints":{"allow":["GET"]}}],"collection":[{"href":"https:\/\/gefaesspraxis-kusenack.de\/fr\/wp-json\/wp\/v2\/pages"}],"about":[{"href":"https:\/\/gefaesspraxis-kusenack.de\/fr\/wp-json\/wp\/v2\/types\/page"}],"author":[{"embeddable":true,"href":"https:\/\/gefaesspraxis-kusenack.de\/fr\/wp-json\/wp\/v2\/users\/8"}],"replies":[{"embeddable":true,"href":"https:\/\/gefaesspraxis-kusenack.de\/fr\/wp-json\/wp\/v2\/comments?post=1083"}],"version-history":[{"count":34,"href":"https:\/\/gefaesspraxis-kusenack.de\/fr\/wp-json\/wp\/v2\/pages\/1083\/revisions"}],"predecessor-version":[{"id":8697,"href":"https:\/\/gefaesspraxis-kusenack.de\/fr\/wp-json\/wp\/v2\/pages\/1083\/revisions\/8697"}],"up":[{"embeddable":true,"href":"https:\/\/gefaesspraxis-kusenack.de\/fr\/wp-json\/wp\/v2\/pages\/802"}],"wp:featuredmedia":[{"embeddable":true,"href":"https:\/\/gefaesspraxis-kusenack.de\/fr\/wp-json\/wp\/v2\/media\/1172"}],"wp:attachment":[{"href":"https:\/\/gefaesspraxis-kusenack.de\/fr\/wp-json\/wp\/v2\/media?parent=1083"}],"curies":[{"name":"wp","href":"https:\/\/api.w.org\/{rel}","templated":true}]}}